{"id":33917,"date":"2025-04-09T18:48:56","date_gmt":"2025-04-09T16:48:56","guid":{"rendered":"https:\/\/labrisz.hu\/?post_type=project&#038;p=33917"},"modified":"2025-08-29T13:43:29","modified_gmt":"2025-08-29T11:43:29","slug":"eltitkolt-evek","status":"publish","type":"project","link":"https:\/\/labrisz.hu\/en\/project\/eltitkolt-evek\/","title":{"rendered":"<a href=\"https:\/\/labrisz.hu\/en\/project\/eltitkolt-evek\/\">Eltitkolt \u00e9vek<\/a>"},"content":{"rendered":"<p>[et_pb_section fb_built=&#8221;1&#8243; admin_label=&#8221;Generic&#8221; _builder_version=&#8221;4.25.1&#8243; _module_preset=&#8221;default&#8221; collapsed=&#8221;off&#8221; global_colors_info=&#8221;{}&#8221;][et_pb_row _builder_version=&#8221;4.27.4&#8243; _module_preset=&#8221;default&#8221; global_colors_info=&#8221;{}&#8221;][et_pb_column type=&#8221;4_4&#8243; _builder_version=&#8221;4.25.1&#8243; _module_preset=&#8221;default&#8221; global_colors_info=&#8221;{}&#8221;][et_pb_heading title=&#8221;@ET-DC@eyJkeW5hbWljIjp0cnVlLCJjb250ZW50IjoicG9zdF90aXRsZSIsInNldHRpbmdzIjp7ImJlZm9yZSI6IiIsImFmdGVyIjoiIn19@&#8221; _builder_version=&#8221;4.27.4&#8243; _dynamic_attributes=&#8221;title&#8221; _module_preset=&#8221;c84fceba-6d24-474c-9c4b-b369845da48a&#8221; title_font_size=&#8221;60px&#8221; global_colors_info=&#8221;{}&#8221;][\/et_pb_heading][dsm_card title=&#8221;@ET-DC@eyJkeW5hbWljIjp0cnVlLCJjb250ZW50IjoicG9zdF90aXRsZSIsInNldHRpbmdzIjp7ImJlZm9yZSI6IiIsImFmdGVyIjoiIn19@&#8221; subtitle=&#8221;Tizenhat leszbikus \u00e9let\u00fat (2011)&#8221; image=&#8221;https:\/\/labrisz.hu\/wp-content\/uploads\/eltitkolt-borito.jpg&#8221; image_as_background=&#8221;off&#8221; image_width=&#8221;20%&#8221; stretch_image=&#8221;on&#8221; image_alignment=&#8221;center&#8221; badge_text=&#8221;LABRISZ K\u00d6NYVEK&#8221; badge_background_color=&#8221;gcid-primary-color&#8221; button_text=&#8221;Megrendel\u00e9s&#8221; button_url=&#8221;https:\/\/labrisz.hu\/labrisz-konyvek\/#konyv-rendeles&#8221; button_url_new_window=&#8221;1&#8243; _builder_version=&#8221;4.27.4&#8243; _dynamic_attributes=&#8221;title&#8221; _module_preset=&#8221;default&#8221; badge_font=&#8221;|700|||||||&#8221; badge_text_color=&#8221;#FFFFFF&#8221; custom_button=&#8221;on&#8221; button_text_color=&#8221;#FFFFFF&#8221; button_bg_color=&#8221;gcid-primary-color&#8221; border_color_all=&#8221;gcid-secondary-color&#8221; global_colors_info=&#8221;{%22gcid-primary-color%22:%91%22badge_background_color%22,%22badge_background_color%22,%22button_bg_color%22%93,%22gcid-secondary-color%22:%91%22border_color_all%22,%22border_color_all%22%93}&#8221;]<\/p>\n<p>A Labrisz Egyes\u00fclet \u201e<a href=\"https:\/\/labrisz.hu\/herstory-archivum-es-cenzura-muzeum\/\" target=\"_blank\" rel=\"noopener\">leszbikus herstory<\/a>\u201d projektj\u00e9nek keret\u00e9ben olyan n\u0151ket sz\u00f3laltatunk meg, akik a rendszerv\u00e1lt\u00e1s el\u0151tt m\u00e1r feln\u0151ttk\u00e9nt \u00e9s leszbikusk\u00e9nt pr\u00f3b\u00e1lt\u00e1k \u00f6nmagukat elfogadni, \u00e9s kapcsolatokat, k\u00f6z\u00f6ss\u00e9geket keresni. E munka egyik gy\u00fcm\u00f6lcse a 2009-ben bemutatott Eltitkolt \u00e9vek c\u00edm\u0171 dokumentumfilm volt. A most megjelent, gazdag k\u00e9panyaggal dokument\u00e1lt interj\u00fak\u00f6tetet a filmben megsz\u00f3lal\u00f3 tizenegy szerepl\u0151 t\u00f6rt\u00e9net\u00e9b\u0151l \u00e9s tov\u00e1bbi \u00f6t interj\u00fa anyag\u00e1b\u00f3l szerkesztett\u00fck. A k\u00f6tetben a negyvenest\u0151l hetvenesig terjed\u0151 (m\u00e1sf\u00e9l) gener\u00e1ci\u00f3 tagjai sz\u00f3lalnak meg: az \u00f6tvenes \u00e9vek sz\u0171k leveg\u0151j\u00e9ben, majd a hatvanas-hetvenes-nyolcvanas \u00e9vek fellazul\u00f3 k\u00f6zeg\u00e9ben mozg\u00f3 \u00e9rtelmis\u00e9giek, alkalmazottak, vend\u00e9gl\u00e1t\u00f3sok, m\u0171v\u00e9szek; k\u00f6zt\u00fck a k\u00e9s\u0151bbi aktivist\u00e1k, a kilencvenes \u00e9vek leszbikus mozgalm\u00e1nak megalapoz\u00f3i \u00e9s elind\u00edt\u00f3i. Elt\u00e9r\u0151 t\u00e1rsadalmi helyzet\u00fck miatt m\u00e1s-m\u00e1s szemsz\u00f6gb\u0151l l\u00e1tt\u00e1k ugyanazt a rendszert, de identit\u00e1suk elhallgat\u00e1s\u00e1t, szem\u00e9lyes \u00e9let\u00fck korl\u00e1toz\u00e1s\u00e1t hasonl\u00f3an \u00e9lt\u00e9k meg. \u00c9lett\u00f6rt\u00e9neteiken kereszt\u00fcl saj\u00e1tos keresztmetszetben rajzol\u00f3dnak ki az el\u0151z\u0151 politikai rendszer hatalmi technik\u00e1i, a tal\u00e1lkoz\u00e1sok l\u00e1thatatlan vagy f\u00e9l-nyilv\u00e1nos terei, \u00e9s az a folyamat is, ahogyan a rendszerv\u00e1lt\u00e1s ut\u00e1n az addig tabuk\u00e9nt kezelt t\u00e9ma a k\u00f6zbesz\u00e9d r\u00e9sze lett, a felv\u00e1llal\u00e1s term\u00e9szetesebb\u00e9 v\u00e1lt, \u00e9s elindultak az els\u0151 meleg civil szervez\u0151d\u00e9sek.<\/p>\n<p><strong>Felel\u0151s szerkeszt\u0151:<\/strong> Borgos Anna<br \/><strong>Szerkeszt\u0151k:<\/strong> B\u00edr\u00f3 \u00c9va, Gy\u00e1rf\u00e1s Judit, M\u00e9sz\u00e1ros Orsolya, R\u00e9dai Dorottya, Varga P. Ildik\u00f3<br \/><strong>Fot\u00f3:<\/strong> Szil\u00e1gyi Lenke<\/p>\n<p>A k\u00f6tet megjelen\u00e9s\u00e9t az EGT\/Norv\u00e9g FM t\u00e1mogatta.<\/p>\n<h4>Tartalomjegyz\u00e9k<\/h4>\n<p>El\u0151sz\u00f3 (Borgos Anna)<\/p>\n<p>1. \u201e\u00c9n \u00fagy voltam \u00e9n, \u00e9s nem valaki m\u00e1s, ahogy voltam\u201d G\u00e1l Ilona<\/p>\n<p>2. \u201eA szem\u00e9lyis\u00e9gem k\u00e9t k\u00fcl\u00f6n sz\u00e1lon futott\u201d G\u00e1bor Sarolta<\/p>\n<p>3. \u201eAhhoz, hogy ezt meg lehessen \u00e9lni, egy kicsit kijjebb kell l\u00e9pni \u00f6nmagamb\u00f3l\u201d Krist\u00f3fy M\u00e1ria<\/p>\n<p>4. \u201eAkkor m\u00e9g nem t\u00f6rt\u00fck \u00e1t az ingerk\u00fcsz\u00f6b\u00f6t, vid\u00e1man szaladhattunk a V\u00f6r\u00f6smarty t\u00e9rre\u201d Szab\u00f3 Judit<\/p>\n<p>5. \u201eA csendes k\u00f6vek \u00e9s a bonyolultan \u00f6sszerakott emberek k\u00f6z\u00f6tt \u00e9ltem \u00e9s \u00e9lek\u201d Kis M\u00e1rta<\/p>\n<p>6. \u201eA n\u0151ies habitus nem jelenti azt, hogy Barbie baba 16-os IQ-val\u201d Hidasi Magdolna<\/p>\n<p>7. \u201e\u00dagy vagyok n\u0151, ahogy \u00e9n akarok\u201d K\u00f6vesi Gy\u00f6rgyi<\/p>\n<p>8. \u201eA saj\u00e1t \u00e9rzelmeim sz\u00e1momra is el\u00e9g titokzatosak\u201d Szil\u00e1gyi Lenke<\/p>\n<p>9. \u201eAbban az id\u0151ben az outsiderek zen\u00e9lni szerettek volna\u201d Szineg Ildik\u00f3<\/p>\n<p>10. \u201eItt valamilyen paradicsomi l\u00e9tben \u00e9lek, egyed\u00fcl\u201d B\u00e1n Mari<\/p>\n<p>11. \u201eBar\u00e1ts\u00e1g magyarral nem szabad k\u00f6tni\u2026\u201d Schmied Gerda<\/p>\n<p>12. \u201eElhat\u00e1roztam, adok magamnak h\u00fasz \u00e9vet, hogy be tudjam teljes\u00edteni az \u00e1lmaimat\u201d Tim\u00e1r Magdi<\/p>\n<p>12\/a \u201eVan valamilyen tudatm\u00f3dos\u00edt\u00f3 hat\u00e1sa a t\u00e1jnak\u201d Tim\u00e1r Magdi \u00e9s Gordon Ag\u00e1ta<\/p>\n<p>13. \u201eN\u00e9pi leszbikus \u00edr\u00f3k\u00e9nt defini\u00e1lom magam\u201d Gordon Ag\u00e1ta<\/p>\n<p>14. \u201eSz\u00e1mtalan identit\u00e1som van, \u00e9s ezek egym\u00e1st t\u00e1masztj\u00e1k\u201d Lovas Nagy Anna<\/p>\n<p>15. \u201e\u00c9n is egy j\u00e1t\u00e9kosnak \u00e9rzem magam\u201d B\u00edr\u00f3 Csilla<\/p>\n<p>16. &#8222;\u00c1tj\u00e1r\u00f3kon k\u00f6zlekedem&#8221; Andrea<\/p>\n<p>[\/dsm_card][et_pb_code _builder_version=&#8221;4.27.4&#8243; _module_preset=&#8221;default&#8221; global_colors_info=&#8221;{}&#8221;]<\/p>\n<div style=\"position:relative;overflow:hidden;height:376px;max-width:100%;\" data-page-width=\"500\" data-page-height=\"308\"><iframe style=\"position:absolute;top:0;left:0;width:100%;height:100%;\"   src=\"https:\/\/www.yumpu.com\/hu\/embed\/view\/W4kuojC0dHElngX5\" frameborder=\"0\" allowfullscreen=\"true\"  allowtransparency=\"true\"><\/iframe><!\u2013- [et_pb_br_holder] -\u2013><a href=\"https:\/\/www.yumpu.com\/hu\/document\/view\/55886508\/eltitkolt-evek-reszlet\" title=\"Eltitkolt_Evek_reszlet\" target=\"_blank\">Eltitkolt_Evek_reszlet<\/a><\/div>\n<p>[\/et_pb_code][\/et_pb_column][\/et_pb_row][\/et_pb_section][et_pb_section fb_built=&#8221;1&#8243; admin_label=&#8221;Generic&#8221; _builder_version=&#8221;4.27.4&#8243; _module_preset=&#8221;default&#8221; custom_padding=&#8221;17px||94px|||&#8221; animation_style=&#8221;fade&#8221; global_module=&#8221;34555&#8243; saved_tabs=&#8221;all&#8221; collapsed=&#8221;off&#8221; global_colors_info=&#8221;{}&#8221;][et_pb_row _builder_version=&#8221;4.25.1&#8243; _module_preset=&#8221;default&#8221; custom_margin=&#8221;-16px|auto||auto||&#8221; global_colors_info=&#8221;{}&#8221;][et_pb_column type=&#8221;4_4&#8243; _builder_version=&#8221;4.25.1&#8243; _module_preset=&#8221;default&#8221; global_colors_info=&#8221;{}&#8221;][dsm_card_carousel speed=&#8221;2651&#8243; autoplay=&#8221;off&#8221; space_between=&#8221;27&#8243; equal_height=&#8221;on&#8221; arrow_color=&#8221;gcid-primary-color&#8221; badge_background_color=&#8221;gcid-primary-color&#8221; image_width=&#8221;52%&#8221; stretch_image=&#8221;off&#8221; image_alignment=&#8221;center&#8221; _builder_version=&#8221;4.27.4&#8243; _module_preset=&#8221;default&#8221; badge_font=&#8221;|700|||||||&#8221; badge_text_color=&#8221;#FFFFFF&#8221; header_font=&#8221;&#8211;et_global_heading_font||||||||&#8221; header_text_color=&#8221;gcid-primary-color&#8221; header_line_height=&#8221;1.4em&#8221; body_font=&#8221;&#8211;et_global_body_font||||||||&#8221; body_font_size=&#8221;14px&#8221; body_line_height=&#8221;1.4em&#8221; custom_button=&#8221;on&#8221; button_text_color=&#8221;#FFFFFF&#8221; button_bg_color=&#8221;gcid-primary-color&#8221; button_use_icon=&#8221;off&#8221; button_alignment=&#8221;center&#8221; custom_margin=&#8221;||0px||false|false&#8221; hover_enabled=&#8221;0&#8243; border_color_all_image=&#8221;gcid-secondary-color&#8221; border_color_all_card=&#8221;gcid-secondary-color&#8221; global_colors_info=&#8221;{%22gcid-primary-color%22:%91%22badge_background_color%22,%22button_bg_color%22,%22arrow_color%22,%22header_text_color%22%93,%22gcid-secondary-color%22:%91%22border_color_all_card%22,%22border_color_all_image%22,%22box_shadow_color_image%22%93}&#8221; sticky_enabled=&#8221;0&#8243;][dsm_card_carousel_child title=&#8221;Leszbikus t\u00e9r\/er\u0151&#8221; subtitle=&#8221;(2000)&#8221; image=&#8221;https:\/\/labrisz.hu\/wp-content\/uploads\/terero-borito-188&#215;300.jpg&#8221; image_as_background=&#8221;off&#8221; stretch_image=&#8221;off&#8221; button_url_new_window=&#8221;1&#8243; _builder_version=&#8221;4.27.4&#8243; _dynamic_attributes=&#8221;link_option_url&#8221; _module_preset=&#8221;default&#8221; custom_button=&#8221;on&#8221; button_bg_color=&#8221;#000000&#8243; link_option_url=&#8221;@ET-DC@eyJkeW5hbWljIjp0cnVlLCJjb250ZW50IjoicG9zdF9saW5rX3VybF9wcm9qZWN0Iiwic2V0dGluZ3MiOnsicG9zdF9pZCI6IjMzODc3In19@&#8221; hover_enabled=&#8221;0&#8243; global_colors_info=&#8221;{}&#8221; header_text_color__hover_enabled=&#8221;on|hover&#8221; header_text_color__hover=&#8221;#EF7627&#8243; parent_button=&#8221;on&#8221; parent_header_level=&#8221;h4&#8243; parent_stretch_image=&#8221;off&#8221; sticky_enabled=&#8221;0&#8243;]<\/p>\n<p>A <em>Leszbikus t\u00e9r\/er\u0151<\/em> c\u00edm\u0171 essz\u00e9k\u00f6tetben a leszbikus t\u00f6rt\u00e9nelemr\u0151l \u00e9s politik\u00e1r\u00f3l, feminizmusr\u00f3l, identit\u00e1sr\u00f3l \u00e9s el\u0151b\u00faj\u00e1sr\u00f3l, illetve a leszbikuss\u00e1g m\u00e9diabeli, irodalmi \u00e9s politikai reprezent\u00e1ci\u00f3j\u00e1r\u00f3l sz\u00f3l\u00f3 essz\u00e9k olvashat\u00f3k magyar \u00e9s angolsz\u00e1sz szerz\u0151kt\u0151l.<\/p>\n<p>[\/dsm_card_carousel_child][dsm_card_carousel_child title=&#8221;Szembesz\u00e9l&#8221; subtitle=&#8221;(2001)&#8221; image=&#8221;https:\/\/labrisz.hu\/wp-content\/uploads\/szembeszel-borito-191&#215;300.jpg&#8221; image_as_background=&#8221;off&#8221; button_text=&#8221;Megrendel\u00e9s&#8221; button_url=&#8221;https:\/\/labrisz.hu\/labrisz-konyvek\/#konyv-rendeles&#8221; button_url_new_window=&#8221;1&#8243; _builder_version=&#8221;4.27.4&#8243; _dynamic_attributes=&#8221;link_option_url&#8221; _module_preset=&#8221;default&#8221; body_font_size=&#8221;14px&#8221; body_line_height=&#8221;1.4em&#8221; link_option_url=&#8221;@ET-DC@eyJkeW5hbWljIjp0cnVlLCJjb250ZW50IjoicG9zdF9saW5rX3VybF9wcm9qZWN0Iiwic2V0dGluZ3MiOnsicG9zdF9pZCI6IjMzODkxIn19@&#8221; hover_enabled=&#8221;0&#8243; global_colors_info=&#8221;{}&#8221; header_text_color__hover_enabled=&#8221;on|hover&#8221; header_text_color__hover=&#8221;#EF7627&#8243; parent_button=&#8221;on&#8221; parent_header_level=&#8221;h4&#8243; parent_stretch_image=&#8221;off&#8221; sticky_enabled=&#8221;0&#8243;]<\/p>\n<p>A <em>Szembesz\u00e9l<\/em> leszbikus sz\u00e9pirodalmi sz\u00f6vegeket, kort\u00e1rs szerz\u0151k novell\u00e1it, reg\u00e9nyr\u00e9szleteit \u00e9s verseit tartalmazza. Nagyobbr\u00e9szt angolsz\u00e1sz \u00edr\u00f3k, k\u00f6lt\u0151k sz\u00f6vegeinek ford\u00edt\u00e1sait (Adrienne Richt\u0151l Jeanette Wintersonig, kisebb r\u00e9szben pedig a szerencs\u00e9re egyre nagyobb sz\u00e1mban mutatkoz\u00f3 magyar szerz\u0151k pr\u00f3z\u00e1j\u00e1t \u00e9s verseit k\u00f6zli (Lovas Nagy Ann\u00e1t\u00f3l Gordon Ag\u00e1t\u00e1ig).<\/p>\n<p>[\/dsm_card_carousel_child][dsm_card_carousel_child title=&#8221;M\u00e1r nem tabu&#8221; subtitle=&#8221;(2002)&#8221; image=&#8221;https:\/\/labrisz.hu\/wp-content\/uploads\/tabu-borito-222&#215;300.jpg&#8221; image_as_background=&#8221;off&#8221; button_url_new_window=&#8221;1&#8243; _builder_version=&#8221;4.27.4&#8243; _dynamic_attributes=&#8221;link_option_url&#8221; _module_preset=&#8221;default&#8221; custom_button=&#8221;on&#8221; button_bg_color=&#8221;#000000&#8243; link_option_url=&#8221;@ET-DC@eyJkeW5hbWljIjp0cnVlLCJjb250ZW50IjoicG9zdF9saW5rX3VybF9wcm9qZWN0Iiwic2V0dGluZ3MiOnsicG9zdF9pZCI6IjMzOTA5In19@&#8221; hover_enabled=&#8221;0&#8243; global_colors_info=&#8221;{}&#8221; header_text_color__hover_enabled=&#8221;on|hover&#8221; header_text_color__hover=&#8221;#EF7627&#8243; parent_button=&#8221;on&#8221; parent_header_level=&#8221;h4&#8243; parent_stretch_image=&#8221;off&#8221; sticky_enabled=&#8221;0&#8243;]<\/p>\n<p>A <em>M\u00e1r nem tabu<\/em> c\u00edm\u0171 tan\u00e1ri k\u00e9zik\u00f6nyv az egyes\u00fclet \u201eMelegs\u00e9g \u00e9s megismer\u00e9s\u201d c\u00edm\u0171 k\u00f6z\u00e9piskolai programj\u00e1hoz kapcsol\u00f3dik. Felvil\u00e1gos\u00edt\u00f3 anyagokat, a melegs\u00e9g t\u00e9m\u00e1j\u00e1t \u00e9rint\u0151 vagy feldolgoz\u00f3 \u00f3raterveket, az iskol\u00e1val kapcsolatos \u00edr\u00e1sokat, sz\u00f3t\u00e1rt, aj\u00e1nlott olvasm\u00e1nyokat \u00e9s filmeket, valamint a seg\u00edt\u0151 szervezetek el\u00e9rhet\u0151s\u00e9geit tartalmazza. Els\u0151sorban k\u00f6z\u00e9piskolai tan\u00e1roknak sz\u00f3l, illetve azoknak, akik nekik tartanak tov\u00e1bbk\u00e9pz\u00e9seket \u00e9s a kisebbs\u00e9gekr\u0151l, az elfogad\u00e1sr\u00f3l sz\u00f3l\u00f3 szemin\u00e1riumokat. Ugyanakkor szeretn\u00e9nk, ha min\u00e9l t\u00f6bb \u00e9rdekl\u0151d\u0151 di\u00e1khoz is eljutna.<\/p>\n<p>[\/dsm_card_carousel_child][dsm_card_carousel_child title=&#8221;El\u0151h\u00edvott \u00f6narck\u00e9pek&#8221; subtitle=&#8221;(2003)&#8221; image=&#8221;https:\/\/labrisz.hu\/wp-content\/uploads\/elohivott-borito-242&#215;300.jpg&#8221; image_as_background=&#8221;off&#8221; button_text=&#8221;Megrendel\u00e9s&#8221; button_url=&#8221;https:\/\/labrisz.hu\/labrisz-konyvek\/#konyv-rendeles&#8221; button_url_new_window=&#8221;1&#8243; _builder_version=&#8221;4.27.4&#8243; _dynamic_attributes=&#8221;link_option_url&#8221; _module_preset=&#8221;default&#8221; header_text_color=&#8221;#EC1563&#8243; link_option_url=&#8221;@ET-DC@eyJkeW5hbWljIjp0cnVlLCJjb250ZW50IjoicG9zdF9saW5rX3VybF9wcm9qZWN0Iiwic2V0dGluZ3MiOnsicG9zdF9pZCI6IjMzOTE0In19@&#8221; hover_enabled=&#8221;0&#8243; global_colors_info=&#8221;{}&#8221; header_text_color__hover_enabled=&#8221;on|desktop&#8221; header_text_color__hover=&#8221;#EF7627&#8243; parent_button=&#8221;on&#8221; parent_header_level=&#8221;h4&#8243; parent_stretch_image=&#8221;off&#8221; sticky_enabled=&#8221;0&#8243;]<\/p>\n<p>Az <em>El\u0151h\u00edvott \u00f6narck\u00e9pek<\/em> c\u00edm\u0171 k\u00f6tet leszbikusok lev\u00e9l- \u00e9s napl\u00f3r\u00e9szleteit, \u00f6n\u00e9letrajzi \u00edr\u00e1sait tartalmazza a \u201ekezdetekt\u0151l\u201d napjainkig, Ausztr\u00e1li\u00e1t\u00f3l Amerik\u00e1n \u00e1t Nyugat- \u00e9s K\u00f6z\u00e9p-Kelet Eur\u00f3p\u00e1ig, Emily Dickinsont\u00f3l Virginia Woolfon \u00e1t Marlene Dietrichig. T\u00f6bbf\u00e9le \u00faton jutottunk hozz\u00e1 ezekhez a sz\u00f6vegekhez. Egyesek nyomoz\u00e1st, kutat\u00e1st ig\u00e9nyeltek (a korai sz\u00f6vegek, de n\u00e9mely huszadik sz\u00e1zadiak is), m\u00e1sok a nyugati leszbikus irodalom m\u00e1r kanoniz\u00e1l\u00f3dott r\u00e9szei. Megint m\u00e1sok felk\u00e9r\u00e9sre sz\u00fclettek, kifejezetten a k\u00f6tet sz\u00e1m\u00e1ra.<\/p>\n<p>[\/dsm_card_carousel_child][dsm_card_carousel_child title=&#8221;Eltitkolt \u00e9vek&#8221; subtitle=&#8221;(2011)&#8221; image=&#8221;https:\/\/labrisz.hu\/wp-content\/uploads\/eltitkolt-borito-243&#215;300.jpg&#8221; image_as_background=&#8221;off&#8221; button_text=&#8221;Megrendel\u00e9s&#8221; button_url=&#8221;https:\/\/labrisz.hu\/labrisz-konyvek\/#konyv-rendeles&#8221; _builder_version=&#8221;4.27.4&#8243; _dynamic_attributes=&#8221;link_option_url&#8221; _module_preset=&#8221;default&#8221; link_option_url=&#8221;@ET-DC@eyJkeW5hbWljIjp0cnVlLCJjb250ZW50IjoicG9zdF9saW5rX3VybF9wcm9qZWN0Iiwic2V0dGluZ3MiOnsicG9zdF9pZCI6IjMzOTE3In19@&#8221; hover_enabled=&#8221;0&#8243; global_colors_info=&#8221;{}&#8221; header_text_color__hover_enabled=&#8221;on|hover&#8221; header_text_color__hover=&#8221;#EF7627&#8243; parent_button=&#8221;on&#8221; parent_header_level=&#8221;h4&#8243; parent_stretch_image=&#8221;off&#8221; sticky_enabled=&#8221;0&#8243;]<\/p>\n<p>Az <em>Eltitkolt \u00e9vek<\/em> a Labrisz Egyes\u00fclet \u201eleszbikus herstory\u201d projektj\u00e9nek r\u00e9sze, amelynek keret\u00e9ben olyan n\u0151ket sz\u00f3laltatunk meg, akik a rendszerv\u00e1lt\u00e1s el\u0151tt m\u00e1r feln\u0151ttk\u00e9nt \u00e9s leszbikusk\u00e9nt pr\u00f3b\u00e1lt\u00e1k \u00f6nmagukat elfogadni, \u00e9s kapcsolatokat, k\u00f6z\u00f6ss\u00e9geket keresni. E munka egyik gy\u00fcm\u00f6lcse a 2009-ben bemutatott azonos c\u00edm\u0171 dokumentumfilm volt. A gazdag k\u00e9panyaggal dokument\u00e1lt interj\u00fak\u00f6tetet a filmben megsz\u00f3lal\u00f3 tizenegy szerepl\u0151 t\u00f6rt\u00e9net\u00e9b\u0151l \u00e9s tov\u00e1bbi \u00f6t interj\u00fa anyag\u00e1b\u00f3l szerkesztett\u00fck. A k\u00f6tetben a negyvenest\u0151l hetvenesig terjed\u0151 (m\u00e1sf\u00e9l) gener\u00e1ci\u00f3 tagjai sz\u00f3lalnak meg: \u00e9rtelmis\u00e9giek, alkalmazottak, vend\u00e9gl\u00e1t\u00f3sok, m\u0171v\u00e9szek; k\u00f6zt\u00fck a k\u00e9s\u0151bbi aktivist\u00e1k, a kilencvenes \u00e9vek leszbikus mozgalm\u00e1nak megalapoz\u00f3i \u00e9s elind\u00edt\u00f3i.<\/p>\n<p>[\/dsm_card_carousel_child][dsm_card_carousel_child title=&#8221;M\u00e9g mindig tabu? &#8221; subtitle=&#8221;(2018)&#8221; image=&#8221;https:\/\/labrisz.hu\/wp-content\/uploads\/meg-mindig-tabu-borito-1-211&#215;300.jpg&#8221; image_as_background=&#8221;off&#8221; button_text=&#8221;Megrendel\u00e9s&#8221; button_url=&#8221;https:\/\/labrisz.hu\/labrisz-konyvek\/#konyv-rendeles&#8221; _builder_version=&#8221;4.27.4&#8243; _dynamic_attributes=&#8221;link_option_url&#8221; _module_preset=&#8221;default&#8221; link_option_url=&#8221;@ET-DC@eyJkeW5hbWljIjp0cnVlLCJjb250ZW50IjoicG9zdF9saW5rX3VybF9wcm9qZWN0Iiwic2V0dGluZ3MiOnsicG9zdF9pZCI6IjMzOTIyIn19@&#8221; hover_enabled=&#8221;0&#8243; global_colors_info=&#8221;{}&#8221; header_text_color__hover_enabled=&#8221;on|hover&#8221; header_text_color__hover=&#8221;#EF7627&#8243; parent_button=&#8221;on&#8221; parent_header_level=&#8221;h4&#8243; parent_stretch_image=&#8221;off&#8221; sticky_enabled=&#8221;0&#8243;]<\/p>\n<p>A <em>M\u00e9g mindig tabu?<\/em> c\u00edm\u0171 oktat\u00e1si seg\u00e9danyag t\u00edz LMBT tematik\u00e1j\u00fa iskolai szitu\u00e1ci\u00f3t dolgoz fel pedag\u00f3giai, pszichol\u00f3giai szempontb\u00f3l, \u00e1ltal\u00e1nos emberi jogi keretben, normakritikus szeml\u00e9lettel. A kiadv\u00e1ny els\u0151sorban a nevel\u0151knek k\u00edv\u00e1n \u00fatmutat\u00f3t, seg\u00edts\u00e9get ny\u00fajtani egy tabuk n\u00e9lk\u00fcli vil\u00e1g \u00e9p\u00edt\u00e9s\u00e9hez, de minden iskolapolg\u00e1r sz\u00e1m\u00e1ra \u00faj inform\u00e1ci\u00f3kkal szolg\u00e1lhat, ak\u00e1r vitaanyagk\u00e9nt is haszn\u00e1lhat\u00f3 k\u00fcl\u00f6nb\u00f6z\u0151 \u00f3r\u00e1kon.<\/p>\n<p>[\/dsm_card_carousel_child][dsm_card_carousel_child title=&#8221;Meseorsz\u00e1g mindenki\u00e9&#8221; subtitle=&#8221;(2020)&#8221; image=&#8221;https:\/\/labrisz.hu\/wp-content\/uploads\/meseorszag-elolap-192&#215;300.jpeg&#8221; image_as_background=&#8221;off&#8221; button_text=&#8221;Megrendel\u00e9s&#8221; button_url=&#8221;https:\/\/labrisz.hu\/labrisz-konyvek\/#konyv-rendeles&#8221; _builder_version=&#8221;4.27.4&#8243; _dynamic_attributes=&#8221;link_option_url&#8221; _module_preset=&#8221;default&#8221; link_option_url=&#8221;@ET-DC@eyJkeW5hbWljIjp0cnVlLCJjb250ZW50IjoicG9zdF9saW5rX3VybF9wcm9qZWN0Iiwic2V0dGluZ3MiOnsicG9zdF9pZCI6IjMzOTI1In19@&#8221; hover_enabled=&#8221;0&#8243; global_colors_info=&#8221;{}&#8221; header_text_color__hover_enabled=&#8221;on|hover&#8221; header_text_color__hover=&#8221;#EF7627&#8243; parent_button=&#8221;on&#8221; parent_header_level=&#8221;h4&#8243; parent_stretch_image=&#8221;off&#8221; sticky_enabled=&#8221;0&#8243;]<\/p>\n<p>A <em>Meseorsz\u00e1g mindenki\u00e9<\/em> c\u00edm\u0171 k\u00f6tetben ismert mes\u00e9k \u00fajra\u00edrt v\u00e1ltozatait alkott\u00e1k meg a szerz\u0151k olyan h\u0151s\u00f6kkel, akik valamilyen stigmatiz\u00e1lt vagy kisebbs\u00e9gi csoporthoz tartoznak. Kilenc j\u00f3l ismert szerz\u0151 \u00e9s nyolc \u00faj alkot\u00f3 mes\u00e9je ker\u00fclt a gy\u0171jtem\u00e9nybe, melyben t\u00f6bbek k\u00f6z\u00f6tt roma P\u00f6tt\u00f6m Pann\u00e1val, meleg Hamupip\u0151k\u00e9vel, s\u00e1rk\u00e1ny\u00f6l\u0151 pinc\u00e9rl\u00e1nnyal, h\u00e1romf\u00fcl\u0171 ny\u00fallal, m\u00e9lyszeg\u00e9nys\u00e9gb\u0151l, b\u00e1ntalmaz\u00f3 csal\u00e1db\u00f3l \u00e9rkez\u0151 \u00e9s \u00f6r\u00f6kbefogadott gyerekh\u0151s\u00f6kkel tal\u00e1lkozhatunk.<\/p>\n<p>[\/dsm_card_carousel_child][\/dsm_card_carousel][\/et_pb_column][\/et_pb_row][\/et_pb_section]<\/p>\n","protected":false},"excerpt":{"rendered":"<p><div class=\"et_pb_with_border et_pb_module dsm_card dsm_card_0 et_pb_bg_layout_light  dsm_card_layout_stacked\">\n\t\t\t\t\n\t\t\t\t\n\t\t\t\t\n\t\t\t\t\n\t\t\t\t\n\t\t\t\t\n\t\t\t\t<div class=\"et_pb_module_inner\">\n\t\t\t\t\t\n\t\t\t\n\t\t\t<figure class=\"dsm_card_image_wrapper dsm_card_badge_top_right\"><img decoding=\"async\" src=\"https:\/\/labrisz.hu\/wp-content\/uploads\/eltitkolt-borito.jpg\" alt=\"\" srcset=\"https:\/\/labrisz.hu\/wp-content\/uploads\/eltitkolt-borito.jpg 482w, https:\/\/labrisz.hu\/wp-content\/uploads\/eltitkolt-borito-480x593.jpg 480w\" sizes=\"(min-width: 0px) and (max-width: 480px) 480px, (min-width: 481px) 482px, 100vw\" class=\"dsm_card_img dsm_card_image_stretch\" \/><div class=\"dsm_card_badge_text\">LABRISZ K\u00d6NYVEK<\/div><\/figure>\n\t\t\t<div class=\"et_pb_module dsm_card_wrapper et_pb_text_align_left\">\n\t\t\t\t\t\n\t\t\t\t\t\n\t\t\t\t\t<div class=\"dsm_card_subtitle\">Tizenhat leszbikus \u00e9let\u00fat (2011)<\/div>\n\t\t\t\t\t\n\t\t\t\t\t<div class=\"et_pb_button_wrapper\"><a class=\"et_pb_button et_pb_more_button \" href=\"https:\/\/labrisz.hu\/labrisz-konyvek\/#konyv-rendeles\">Megrendel\u00e9s<\/a><\/div>\n\t\t\t\t<\/div>\n\t\t\t\n\t\t\t\t<\/div>\n\t\t\t<\/div>A Labrisz Egyes\u00fclet \u201eleszbikus herstory\u201d projektj\u00e9nek keret\u00e9ben olyan n\u0151ket sz\u00f3laltatunk meg, akik a rendszerv\u00e1lt\u00e1s el\u0151tt m\u00e1r feln\u0151ttk\u00e9nt \u00e9s leszbikusk\u00e9nt pr\u00f3b\u00e1lt\u00e1k \u00f6nmagukat elfogadni, \u00e9s kapcsolatokat, k\u00f6z\u00f6ss\u00e9geket keresni. E munka egyik gy\u00fcm\u00f6lcse a 2009-ben bemutatott Eltitkolt \u00e9vek c\u00edm\u0171 dokumentumfilm volt. A most megjelent, gazdag k\u00e9panyaggal dokument\u00e1lt interj\u00fak\u00f6tetet a filmben megsz\u00f3lal\u00f3 tizenegy szerepl\u0151 t\u00f6rt\u00e9net\u00e9b\u0151l \u00e9s tov\u00e1bbi \u00f6t interj\u00fa anyag\u00e1b\u00f3l szerkesztett\u00fck. A k\u00f6tetben a negyvenest\u0151l hetvenesig terjed\u0151 (m\u00e1sf\u00e9l) gener\u00e1ci\u00f3 tagjai sz\u00f3lalnak meg: az \u00f6tvenes \u00e9vek sz\u0171k leveg\u0151j\u00e9ben, majd a hatvanas-hetvenes-nyolcvanas \u00e9vek fellazul\u00f3 k\u00f6zeg\u00e9ben mozg\u00f3 \u00e9rtelmis\u00e9giek, alkalmazottak, vend\u00e9gl\u00e1t\u00f3sok, m\u0171v\u00e9szek; k\u00f6zt\u00fck a k\u00e9s\u0151bbi aktivist\u00e1k, a kilencvenes \u00e9vek leszbikus mozgalm\u00e1nak megalapoz\u00f3i \u00e9s elind\u00edt\u00f3i. Elt\u00e9r\u0151 t\u00e1rsadalmi helyzet\u00fck miatt m\u00e1s-m\u00e1s szemsz\u00f6gb\u0151l l\u00e1tt\u00e1k ugyanazt a rendszert, de identit\u00e1suk elhallgat\u00e1s\u00e1t, szem\u00e9lyes \u00e9let\u00fck korl\u00e1toz\u00e1s\u00e1t hasonl\u00f3an \u00e9lt\u00e9k meg. \u00c9lett\u00f6rt\u00e9neteiken kereszt\u00fcl saj\u00e1tos keresztmetszetben rajzol\u00f3dnak ki az el\u0151z\u0151 politikai rendszer hatalmi technik\u00e1i, a tal\u00e1lkoz\u00e1sok l\u00e1thatatlan vagy f\u00e9l-nyilv\u00e1nos terei, \u00e9s az a folyamat is, ahogyan a rendszerv\u00e1lt\u00e1s ut\u00e1n az addig tabuk\u00e9nt kezelt t\u00e9ma a k\u00f6zbesz\u00e9d r\u00e9sze lett, a felv\u00e1llal\u00e1s term\u00e9szetesebb\u00e9 v\u00e1lt, \u00e9s elindultak az els\u0151 meleg civil szervez\u0151d\u00e9sek. Felel\u0151s szerkeszt\u0151: Borgos AnnaSzerkeszt\u0151k: B\u00edr\u00f3 \u00c9va, Gy\u00e1rf\u00e1s Judit, M\u00e9sz\u00e1ros Orsolya, R\u00e9dai Dorottya, [&hellip;]<\/p>\n","protected":false},"author":1,"featured_media":0,"comment_status":"closed","ping_status":"closed","template":"","meta":{"_seopress_robots_primary_cat":"","_seopress_titles_title":"","_seopress_titles_desc":"","_seopress_robots_index":"","_et_pb_use_builder":"on","_et_pb_old_content":"","_et_gb_content_width":"","footnotes":""},"project_category":[19],"project_tag":[],"class_list":["post-33917","project","type-project","status-publish","hentry","project_category-konyvek"],"_links":{"self":[{"href":"https:\/\/labrisz.hu\/en\/wp-json\/wp\/v2\/project\/33917","targetHints":{"allow":["GET"]}}],"collection":[{"href":"https:\/\/labrisz.hu\/en\/wp-json\/wp\/v2\/project"}],"about":[{"href":"https:\/\/labrisz.hu\/en\/wp-json\/wp\/v2\/types\/project"}],"author":[{"embeddable":true,"href":"https:\/\/labrisz.hu\/en\/wp-json\/wp\/v2\/users\/1"}],"replies":[{"embeddable":true,"href":"https:\/\/labrisz.hu\/en\/wp-json\/wp\/v2\/comments?post=33917"}],"version-history":[{"count":9,"href":"https:\/\/labrisz.hu\/en\/wp-json\/wp\/v2\/project\/33917\/revisions"}],"predecessor-version":[{"id":35105,"href":"https:\/\/labrisz.hu\/en\/wp-json\/wp\/v2\/project\/33917\/revisions\/35105"}],"wp:attachment":[{"href":"https:\/\/labrisz.hu\/en\/wp-json\/wp\/v2\/media?parent=33917"}],"wp:term":[{"taxonomy":"project_category","embeddable":true,"href":"https:\/\/labrisz.hu\/en\/wp-json\/wp\/v2\/project_category?post=33917"},{"taxonomy":"project_tag","embeddable":true,"href":"https:\/\/labrisz.hu\/en\/wp-json\/wp\/v2\/project_tag?post=33917"}],"curies":[{"name":"wp","href":"https:\/\/api.w.org\/{rel}","templated":true}]}}